{"id":13189,"date":"2024-05-29T11:09:01","date_gmt":"2024-05-29T09:09:01","guid":{"rendered":"https:\/\/rgtr.lu\/accessibilite\/"},"modified":"2025-03-03T10:41:20","modified_gmt":"2025-03-03T08:41:20","slug":"accessibilite","status":"publish","type":"page","link":"https:\/\/rgtr.lu\/de\/accessibilite\/","title":{"rendered":"Erkl\u00e4rung zur Barrierefreiheit"},"content":{"rendered":"\t\t<div data-elementor-type=\"wp-page\" data-elementor-id=\"13189\" class=\"elementor elementor-13189 elementor-13060\" data-elementor-post-type=\"page\">\n\t\t\t\t<div class=\"elementor-element elementor-element-682e58f e-flex e-con-boxed e-con e-parent\" data-id=\"682e58f\" data-element_type=\"container\" data-e-type=\"container\">\n\t\t\t\t\t<div class=\"e-con-inner\">\n\t\t\t\t<div class=\"elementor-element elementor-element-474b6f6 elementor-widget elementor-widget-spacer\" data-id=\"474b6f6\" data-element_type=\"widget\" data-e-type=\"widget\" data-widget_type=\"spacer.default\">\n\t\t\t\t<div class=\"elementor-widget-container\">\n\t\t\t\t\t\t\t<div class=\"elementor-spacer\">\n\t\t\t<div class=\"elementor-spacer-inner\"><\/div>\n\t\t<\/div>\n\t\t\t\t\t\t<\/div>\n\t\t\t\t<\/div>\n\t\t\t\t\t<\/div>\n\t\t\t\t<\/div>\n\t\t<div class=\"elementor-element elementor-element-9abf058 e-flex e-con-boxed e-con e-parent\" data-id=\"9abf058\" data-element_type=\"container\" data-e-type=\"container\">\n\t\t\t\t\t<div class=\"e-con-inner\">\n\t\t\t\t<div class=\"elementor-element elementor-element-0ae1062 elementor-widget elementor-widget-heading\" data-id=\"0ae1062\" data-element_type=\"widget\" data-e-type=\"widget\" data-widget_type=\"heading.default\">\n\t\t\t\t<div class=\"elementor-widget-container\">\n\t\t\t\t\t<h1 class=\"elementor-heading-title elementor-size-default\">Erkl\u00e4rung zur Barrierefreiheit<\/h1>\t\t\t\t<\/div>\n\t\t\t\t<\/div>\n\t\t\t\t\t<\/div>\n\t\t\t\t<\/div>\n\t\t<div class=\"elementor-element elementor-element-04b706e e-flex e-con-boxed e-con e-parent\" data-id=\"04b706e\" data-element_type=\"container\" data-e-type=\"container\">\n\t\t\t\t\t<div class=\"e-con-inner\">\n\t\t\t\t<div class=\"elementor-element elementor-element-13c48dc elementor-widget elementor-widget-text-editor\" data-id=\"13c48dc\" data-element_type=\"widget\" data-e-type=\"widget\" data-widget_type=\"text-editor.default\">\n\t\t\t\t<div class=\"elementor-widget-container\">\n\t\t\t\t\t\t\t\t\t<p>Die meldende Stelle &#8220;Verwaltung f\u00fcr \u00f6ffentlichen Verkehr&#8221; ist bem\u00fcht ihre Website im Einklang mit <span><a href=\"http:\/\/legilux.public.lu\/eli\/etat\/leg\/loi\/2019\/05\/28\/a373\/jo\" target=\"_blank\" rel=\"noopener\">dem Gesetz vom 28. Mai 2019<\/a><\/span> \u00fcber den barrierefreien Zugang zu den Websites und mobilen Anwendungen \u00f6ffentlicher Stellen barrierefrei zug\u00e4nglich zu machen. Diese Erkl\u00e4rung zur Barrierefreiheit gilt f\u00fcr: <span><a href=\"https:\/\/rgtr.lu\/de\/\" target=\"_blank\" rel=\"noopener\">rgtr.lu\/<\/a><\/span><\/p>\t\t\t\t\t\t\t\t<\/div>\n\t\t\t\t<\/div>\n\t\t\t\t<div class=\"elementor-element elementor-element-7aeb9be elementor-widget elementor-widget-heading\" data-id=\"7aeb9be\" data-element_type=\"widget\" data-e-type=\"widget\" data-widget_type=\"heading.default\">\n\t\t\t\t<div class=\"elementor-widget-container\">\n\t\t\t\t\t<h2 class=\"elementor-heading-title elementor-size-default\">Was bedeutet digitale Barrierefreiheit?<\/h2>\t\t\t\t<\/div>\n\t\t\t\t<\/div>\n\t\t\t\t<div class=\"elementor-element elementor-element-9d2f4a0 elementor-widget elementor-widget-text-editor\" data-id=\"9d2f4a0\" data-element_type=\"widget\" data-e-type=\"widget\" data-widget_type=\"text-editor.default\">\n\t\t\t\t<div class=\"elementor-widget-container\">\n\t\t\t\t\t\t\t\t\t<p>Jeder muss die Informationen einer Website oder einer Anwendung einfach benutzen und abrufen k\u00f6nnen. <strong>Dies gilt insbesondere f\u00fcr Personen mit einer Behinderung und\/oder Personen, die Hilfssoftware oder spezielle Ger\u00e4te verwenden<\/strong> (Blinde, Sehbehinderte oder Personen mit einer sonstigen Behinderung).<\/p>\t\t\t\t\t\t\t\t<\/div>\n\t\t\t\t<\/div>\n\t\t\t\t\t<\/div>\n\t\t\t\t<\/div>\n\t\t<div class=\"elementor-element elementor-element-33bc173 e-flex e-con-boxed e-con e-parent\" data-id=\"33bc173\" data-element_type=\"container\" data-e-type=\"container\">\n\t\t\t\t\t<div class=\"e-con-inner\">\n\t\t\t\t<div class=\"elementor-element elementor-element-933f3ba elementor-widget elementor-widget-heading\" data-id=\"933f3ba\" data-element_type=\"widget\" data-e-type=\"widget\" data-widget_type=\"heading.default\">\n\t\t\t\t<div class=\"elementor-widget-container\">\n\t\t\t\t\t<h2 class=\"elementor-heading-title elementor-size-default\">Stand der Vereinbarkeit mit den Anforderungen<\/h2>\t\t\t\t<\/div>\n\t\t\t\t<\/div>\n\t\t\t\t<div class=\"elementor-element elementor-element-e52a800 elementor-widget elementor-widget-text-editor\" data-id=\"e52a800\" data-element_type=\"widget\" data-e-type=\"widget\" data-widget_type=\"text-editor.default\">\n\t\t\t\t<div class=\"elementor-widget-container\">\n\t\t\t\t\t\t\t\t\t<p>Diese Website ist wegen der folgenden Punkte <strong>teilweise<\/strong> mit der europ\u00e4ischen Norm <span><a href=\"https:\/\/www.etsi.org\/deliver\/etsi_en\/301500_301599\/301549\/03.02.01_60\/en_301549v030201p.pdf\" target=\"_blank\" rel=\"noopener\">EN 301 549<\/a><\/span> und dem <span><a href=\"https:\/\/accessibilite.public.lu\/fr\/raweb1\/\" target=\"_blank\" rel=\"noopener\">Referenzwerk zur Bewertung der Barrierefreiheit im Web (RAWeb) v1<\/a><\/span>, das diese Norm umsetzt, <strong>vereinbar<\/strong>.<\/p>\t\t\t\t\t\t\t\t<\/div>\n\t\t\t\t<\/div>\n\t\t\t\t\t<\/div>\n\t\t\t\t<\/div>\n\t\t<div class=\"elementor-element elementor-element-0cffd21 e-flex e-con-boxed e-con e-parent\" data-id=\"0cffd21\" data-element_type=\"container\" data-e-type=\"container\">\n\t\t\t\t\t<div class=\"e-con-inner\">\n\t\t\t\t<div class=\"elementor-element elementor-element-c8c63b0 elementor-widget elementor-widget-heading\" data-id=\"c8c63b0\" data-element_type=\"widget\" data-e-type=\"widget\" data-widget_type=\"heading.default\">\n\t\t\t\t<div class=\"elementor-widget-container\">\n\t\t\t\t\t<h2 class=\"elementor-heading-title elementor-size-default\">Nicht barrierefreie Inhalte<\/h2>\t\t\t\t<\/div>\n\t\t\t\t<\/div>\n\t\t\t\t<div class=\"elementor-element elementor-element-1ecc4ad elementor-widget elementor-widget-text-editor\" data-id=\"1ecc4ad\" data-element_type=\"widget\" data-e-type=\"widget\" data-widget_type=\"text-editor.default\">\n\t\t\t\t<div class=\"elementor-widget-container\">\n\t\t\t\t\t\t\t\t\t<p>Die nachstehend aufgef\u00fchrten Inhalte sind aus den folgenden Gr\u00fcnden nicht barrierefrei:<\/p>\t\t\t\t\t\t\t\t<\/div>\n\t\t\t\t<\/div>\n\t\t\t\t<div class=\"elementor-element elementor-element-9b20e5c elementor-widget elementor-widget-heading\" data-id=\"9b20e5c\" data-element_type=\"widget\" data-e-type=\"widget\" data-widget_type=\"heading.default\">\n\t\t\t\t<div class=\"elementor-widget-container\">\n\t\t\t\t\t<h3 class=\"elementor-heading-title elementor-size-default\">Unvereinbarkeit<\/h3>\t\t\t\t<\/div>\n\t\t\t\t<\/div>\n\t\t\t\t<div class=\"elementor-element elementor-element-c158f91 elementor-widget elementor-widget-text-editor\" data-id=\"c158f91\" data-element_type=\"widget\" data-e-type=\"widget\" data-widget_type=\"text-editor.default\">\n\t\t\t\t<div class=\"elementor-widget-container\">\n\t\t\t\t\t\t\t\t\t<ul>\n \t<li>2.2 \u2013 Der Titel des <span lang=\"en\">iframes<\/span> \u201eSpam-Schutzsystem reCAPTCHA\u201c ist nicht einschl\u00e4gig.<\/li>\n \t<li>6.1 \u2013 Ein leeres <span lang=\"en\">title<\/span>-Attribut ist im Link \u201eCookie-Richtlinie\u201c im Abschnitt \u201eCookie-Verwaltung\u201c der Seite \u201eRechtliche Aspekte\u201c vorhanden.<\/li>\n \t<li>13.3 \u2013 Ein zum Download verf\u00fcgbares pdf-Dokument besitzt keine zug\u00e4ngliche Version.<\/li>\n<\/ul>\t\t\t\t\t\t\t\t<\/div>\n\t\t\t\t<\/div>\n\t\t\t\t<div class=\"elementor-element elementor-element-d272bca elementor-widget elementor-widget-heading\" data-id=\"d272bca\" data-element_type=\"widget\" data-e-type=\"widget\" data-widget_type=\"heading.default\">\n\t\t\t\t<div class=\"elementor-widget-container\">\n\t\t\t\t\t<h3 class=\"elementor-heading-title elementor-size-default\"><a href=\"https:\/\/legilux.public.lu\/eli\/etat\/leg\/loi\/2019\/05\/28\/a373\/jo\" target=\"_blank\">Inhalte, die nicht in den Anwendungsbereich des Gesetzes vom 28. Mai 2019 fallen<\/a><\/h3>\t\t\t\t<\/div>\n\t\t\t\t<\/div>\n\t\t\t\t<div class=\"elementor-element elementor-element-1b3ad7a elementor-widget elementor-widget-text-editor\" data-id=\"1b3ad7a\" data-element_type=\"widget\" data-e-type=\"widget\" data-widget_type=\"text-editor.default\">\n\t\t\t\t<div class=\"elementor-widget-container\">\n\t\t\t\t\t\t\t\t\t<ul><li>Der Cookie-Manager \u201eCookieBot\u201c und das Sicherheitssystem \u201ereCAPTCHA\u201c wurden ausgenommen.<\/li><li>Sie waren daher nicht Gegenstand einer vollst\u00e4ndigen und detaillierten Pr\u00fcfung.<\/li><li>Es wurde jedoch \u00fcberpr\u00fcft, dass ihr Vorhandensein die Nutzung und den Besuch des Rests der Website nicht einschr\u00e4nkt.<\/li><\/ul>\t\t\t\t\t\t\t\t<\/div>\n\t\t\t\t<\/div>\n\t\t\t\t\t<\/div>\n\t\t\t\t<\/div>\n\t\t<div class=\"elementor-element elementor-element-39ce48c e-flex e-con-boxed e-con e-parent\" data-id=\"39ce48c\" data-element_type=\"container\" data-e-type=\"container\">\n\t\t\t\t\t<div class=\"e-con-inner\">\n\t\t\t\t<div class=\"elementor-element elementor-element-ed05ad0 elementor-widget elementor-widget-heading\" data-id=\"ed05ad0\" data-element_type=\"widget\" data-e-type=\"widget\" data-widget_type=\"heading.default\">\n\t\t\t\t<div class=\"elementor-widget-container\">\n\t\t\t\t\t<h2 class=\"elementor-heading-title elementor-size-default\">Barrierefreiheits-Funktionen<\/h2>\t\t\t\t<\/div>\n\t\t\t\t<\/div>\n\t\t\t\t<div class=\"elementor-element elementor-element-016ef37 elementor-widget elementor-widget-text-editor\" data-id=\"016ef37\" data-element_type=\"widget\" data-e-type=\"widget\" data-widget_type=\"text-editor.default\">\n\t\t\t\t<div class=\"elementor-widget-container\">\n\t\t\t\t\t\t\t\t\t<p>Eine barrierefreie Webseite erm\u00f6glicht zum Beispiel:<\/p><ul><li>Die Anzeige \u00fcber das Betriebssystem und\/oder den Browser anzupassen (Vergr\u00f6\u00dfern oder Verkleinern der Schrift, \u00c4ndern der Typografie, \u00c4ndern der Farben, Stoppen von Animationen usw.).<\/li><li>Mithilfe von technischen Assis tenzmitteln wie einem Screenreader oder einer Braillezeile zu navigieren.<\/li><li>Ohne Maus, nur mit der Tastatur, Schaltern oder einem Touchscreen zu navigieren.<\/li><li>Videos und Audiodateien mit Untertiteln und\/oder Transkriptionen zu nutzen.<\/li><\/ul>\t\t\t\t\t\t\t\t<\/div>\n\t\t\t\t<\/div>\n\t\t\t\t\t<\/div>\n\t\t\t\t<\/div>\n\t\t<div class=\"elementor-element elementor-element-170bfe8 e-flex e-con-boxed e-con e-parent\" data-id=\"170bfe8\" data-element_type=\"container\" data-e-type=\"container\">\n\t\t\t\t\t<div class=\"e-con-inner\">\n\t\t\t\t<div class=\"elementor-element elementor-element-feeeedf elementor-widget elementor-widget-heading\" data-id=\"feeeedf\" data-element_type=\"widget\" data-e-type=\"widget\" data-widget_type=\"heading.default\">\n\t\t\t\t<div class=\"elementor-widget-container\">\n\t\t\t\t\t<h2 class=\"elementor-heading-title elementor-size-default\">Erstellung dieser Erkl\u00e4rung zur Barrierefreiheit<\/h2>\t\t\t\t<\/div>\n\t\t\t\t<\/div>\n\t\t\t\t<div class=\"elementor-element elementor-element-1ff79be elementor-widget elementor-widget-text-editor\" data-id=\"1ff79be\" data-element_type=\"widget\" data-e-type=\"widget\" data-widget_type=\"text-editor.default\">\n\t\t\t\t<div class=\"elementor-widget-container\">\n\t\t\t\t\t\t\t\t\t<p>Diese Erkl\u00e4rung wurde am 29. Mai 2024 erstellt. Die Aussagen in dieser Erkl\u00e4rung sind richtig und beruhen auf einer tats\u00e4chlichen Bewertung der Vereinbarkeit dieser Website mit den Anforderungen des <span><a href=\"https:\/\/accessibilite.public.lu\/fr\/raweb1\/\" target=\"_blank\" rel=\"noopener\">RAWeb 1<\/a><\/span> beispielsweise in Form einer von einem Dritten \u2013 \u201eIdeance\u201c vorgenommenen Bewertung. Die Erkl\u00e4rung wurde zuletzt am 29. Mai 2024 \u00fcberpr\u00fcft.<\/p>\t\t\t\t\t\t\t\t<\/div>\n\t\t\t\t<\/div>\n\t\t\t\t\t<\/div>\n\t\t\t\t<\/div>\n\t\t<div class=\"elementor-element elementor-element-d05a6af e-flex e-con-boxed e-con e-parent\" data-id=\"d05a6af\" data-element_type=\"container\" data-e-type=\"container\">\n\t\t\t\t\t<div class=\"e-con-inner\">\n\t\t\t\t<div class=\"elementor-element elementor-element-a06cd33 elementor-widget elementor-widget-heading\" data-id=\"a06cd33\" data-element_type=\"widget\" data-e-type=\"widget\" data-widget_type=\"heading.default\">\n\t\t\t\t<div class=\"elementor-widget-container\">\n\t\t\t\t\t<h2 class=\"elementor-heading-title elementor-size-default\">Feedback und Kontaktangaben<\/h2>\t\t\t\t<\/div>\n\t\t\t\t<\/div>\n\t\t\t\t<div class=\"elementor-element elementor-element-8792df9 elementor-widget elementor-widget-text-editor\" data-id=\"8792df9\" data-element_type=\"widget\" data-e-type=\"widget\" data-widget_type=\"text-editor.default\">\n\t\t\t\t<div class=\"elementor-widget-container\">\n\t\t\t\t\t\t\t\t\t<p>Sollten Sie einen Mangel bez\u00fcglich der Barrierefreiheit feststellen, schicken Sie eine E-Mail an <span><a href=\"mailto:accessibilite@atp.etat.lu\">accessibilite@atp.etat.lu<\/a><\/span>, in der Sie Ihr Problem beschreiben und die betreffende Seite angeben. Die Verwaltung f\u00fcr \u00f6ffentlichen Verkehr verpflichtet sich, Ihnen binnen eines Monats per E-Mail zu antworten. Um das Problem nachhaltig und auf angemessene Weise zu beheben, wird die Korrektur des Fehlers bez\u00fcglich der Barrierefreiheit im Online-Modus bevorzugt. Ist dies nicht m\u00f6glich, wird Ihnen die gew\u00fcnschte Information in einem barrierefreien Format \u00fcbermittelt, wahlweise:<\/p><ul><li>schriftlich in einem Dokument oder per E-Mail;<\/li><li>m\u00fcndlich in einem Interview oder per Telefon.<\/li><\/ul>\t\t\t\t\t\t\t\t<\/div>\n\t\t\t\t<\/div>\n\t\t\t\t\t<\/div>\n\t\t\t\t<\/div>\n\t\t<div class=\"elementor-element elementor-element-775030b e-flex e-con-boxed e-con e-parent\" data-id=\"775030b\" data-element_type=\"container\" data-e-type=\"container\">\n\t\t\t\t\t<div class=\"e-con-inner\">\n\t\t\t\t<div class=\"elementor-element elementor-element-6bffa45 elementor-widget elementor-widget-heading\" data-id=\"6bffa45\" data-element_type=\"widget\" data-e-type=\"widget\" data-widget_type=\"heading.default\">\n\t\t\t\t<div class=\"elementor-widget-container\">\n\t\t\t\t\t<h2 class=\"elementor-heading-title elementor-size-default\">Durchsetzungsverfahren<\/h2>\t\t\t\t<\/div>\n\t\t\t\t<\/div>\n\t\t\t\t<div class=\"elementor-element elementor-element-9abdb98 elementor-widget elementor-widget-text-editor\" data-id=\"9abdb98\" data-element_type=\"widget\" data-e-type=\"widget\" data-widget_type=\"text-editor.default\">\n\t\t\t\t<div class=\"elementor-widget-container\">\n\t\t\t\t\t\t\t\t\t<p>Im Falle einer nicht zufriedenstellenden Antwort haben Sie ebenfalls die M\u00f6glichkeit, das <span><a href=\"https:\/\/sip.gouvernement.lu\/de.html\" target=\"_blank\" rel=\"noopener\">Informations- und Presseamt<\/a><\/span>, das f\u00fcr die Kontrolle der Barrierefreiheit zust\u00e4ndig ist, \u00fcber dessen <span><a href=\"https:\/\/sip.gouvernement.lu\/de\/support\/reclamation-accessibilite.html\" target=\"_blank\" rel=\"noopener\">Online-Beschwerdeformular<\/a><\/span>, oder <span><a href=\"http:\/\/www.ombudsman.lu\/\" target=\"_blank\" rel=\"noopener\">die Ombudsperson<\/a><\/span>, B\u00fcrgerbeauftragte des Gro\u00dfherzogtums Luxemburg, zu informieren.<\/p>\t\t\t\t\t\t\t\t<\/div>\n\t\t\t\t<\/div>\n\t\t\t\t<div class=\"elementor-element elementor-element-84cde56 elementor-widget elementor-widget-text-editor\" data-id=\"84cde56\" data-element_type=\"widget\" data-e-type=\"widget\" data-widget_type=\"text-editor.default\">\n\t\t\t\t<div class=\"elementor-widget-container\">\n\t\t\t\t\t\t\t\t\t<p>Diese Erkl\u00e4rung basiert auf der Mustererkl\u00e4rung, die im <span><a href=\"https:\/\/eur-lex.europa.eu\/legal-content\/FR\/TXT\/?uri=CELEX%3A32018D1523\" target=\"_blank\" rel=\"noopener\">Durchf\u00fchrungsbeschluss (EU) 2018\/1523<\/a><\/span> festgelegt wurde. Diese Mustererkl\u00e4rung geh\u00f6rt der Europ\u00e4ischen Union und ist durch eine <span><a href=\"https:\/\/creativecommons.org\/licenses\/by\/4.0\/\" target=\"_blank\" rel=\"noopener\">Creative Commons Attribution 4.0 International<\/a><\/span> Lizenz gesch\u00fctzt.<\/p>\t\t\t\t\t\t\t\t<\/div>\n\t\t\t\t<\/div>\n\t\t\t\t\t<\/div>\n\t\t\t\t<\/div>\n\t\t\t\t<\/div>\n\t\t","protected":false},"excerpt":{"rendered":"<p>Erkl\u00e4rung zur Barrierefreiheit Die meldende Stelle &#8220;Verwaltung f\u00fcr \u00f6ffentlichen Verkehr&#8221; ist bem\u00fcht ihre Website im Einklang mit dem Gesetz vom 28. Mai 2019 \u00fcber den barrierefreien Zugang zu den Websites und mobilen Anwendungen \u00f6ffentlicher Stellen barrierefrei zug\u00e4nglich zu machen. Diese Erkl\u00e4rung zur Barrierefreiheit gilt f\u00fcr: rgtr.lu\/ Was bedeutet digitale Barrierefreiheit? Jeder muss die Informationen einer [&hellip;]<\/p>\n","protected":false},"author":1,"featured_media":0,"parent":0,"menu_order":0,"comment_status":"closed","ping_status":"closed","template":"elementor_header_footer","meta":{"footnotes":""},"class_list":["post-13189","page","type-page","status-publish","hentry"],"yoast_head":"<!-- This site is optimized with the Yoast SEO plugin v27.4 - https:\/\/yoast.com\/product\/yoast-seo-wordpress\/ -->\n<title>Erkl\u00e4rung zur Barrierefreiheit - RGTR<\/title>\n<meta name=\"robots\" content=\"index, follow, max-snippet:-1, max-image-preview:large, max-video-preview:-1\" \/>\n<link rel=\"canonical\" href=\"https:\/\/rgtr.lu\/de\/accessibilite\/\" \/>\n<meta property=\"og:locale\" content=\"de_DE\" \/>\n<meta property=\"og:type\" content=\"article\" \/>\n<meta property=\"og:title\" content=\"Erkl\u00e4rung zur Barrierefreiheit - RGTR\" \/>\n<meta property=\"og:description\" content=\"Erkl\u00e4rung zur Barrierefreiheit Die meldende Stelle &#8220;Verwaltung f\u00fcr \u00f6ffentlichen Verkehr&#8221; ist bem\u00fcht ihre Website im Einklang mit dem Gesetz vom 28. Mai 2019 \u00fcber den barrierefreien Zugang zu den Websites und mobilen Anwendungen \u00f6ffentlicher Stellen barrierefrei zug\u00e4nglich zu machen. Diese Erkl\u00e4rung zur Barrierefreiheit gilt f\u00fcr: rgtr.lu\/ Was bedeutet digitale Barrierefreiheit? Jeder muss die Informationen einer [&hellip;]\" \/>\n<meta property=\"og:url\" content=\"https:\/\/rgtr.lu\/de\/accessibilite\/\" \/>\n<meta property=\"og:site_name\" content=\"RGTR\" \/>\n<meta property=\"article:modified_time\" content=\"2025-03-03T08:41:20+00:00\" \/>\n<meta name=\"twitter:card\" content=\"summary_large_image\" \/>\n<meta name=\"twitter:label1\" content=\"Gesch\u00e4tzte Lesezeit\" \/>\n\t<meta name=\"twitter:data1\" content=\"3\u00a0Minuten\" \/>\n<script type=\"application\/ld+json\" class=\"yoast-schema-graph\">{\"@context\":\"https:\\\/\\\/schema.org\",\"@graph\":[{\"@type\":\"WebPage\",\"@id\":\"https:\\\/\\\/rgtr.lu\\\/de\\\/accessibilite\\\/\",\"url\":\"https:\\\/\\\/rgtr.lu\\\/de\\\/accessibilite\\\/\",\"name\":\"Erkl\u00e4rung zur Barrierefreiheit - RGTR\",\"isPartOf\":{\"@id\":\"https:\\\/\\\/rgtr.lu\\\/de\\\/#website\"},\"datePublished\":\"2024-05-29T09:09:01+00:00\",\"dateModified\":\"2025-03-03T08:41:20+00:00\",\"breadcrumb\":{\"@id\":\"https:\\\/\\\/rgtr.lu\\\/de\\\/accessibilite\\\/#breadcrumb\"},\"inLanguage\":\"de\",\"potentialAction\":[{\"@type\":\"ReadAction\",\"target\":[\"https:\\\/\\\/rgtr.lu\\\/de\\\/accessibilite\\\/\"]}]},{\"@type\":\"BreadcrumbList\",\"@id\":\"https:\\\/\\\/rgtr.lu\\\/de\\\/accessibilite\\\/#breadcrumb\",\"itemListElement\":[{\"@type\":\"ListItem\",\"position\":1,\"name\":\"Home\",\"item\":\"https:\\\/\\\/rgtr.lu\\\/de\\\/\"},{\"@type\":\"ListItem\",\"position\":2,\"name\":\"Erkl\u00e4rung zur Barrierefreiheit\"}]},{\"@type\":\"WebSite\",\"@id\":\"https:\\\/\\\/rgtr.lu\\\/de\\\/#website\",\"url\":\"https:\\\/\\\/rgtr.lu\\\/de\\\/\",\"name\":\"RGTR\",\"description\":\"\",\"potentialAction\":[{\"@type\":\"SearchAction\",\"target\":{\"@type\":\"EntryPoint\",\"urlTemplate\":\"https:\\\/\\\/rgtr.lu\\\/de\\\/?s={search_term_string}\"},\"query-input\":{\"@type\":\"PropertyValueSpecification\",\"valueRequired\":true,\"valueName\":\"search_term_string\"}}],\"inLanguage\":\"de\"}]}<\/script>\n<!-- \/ Yoast SEO plugin. -->","yoast_head_json":{"title":"Erkl\u00e4rung zur Barrierefreiheit - RGTR","robots":{"index":"index","follow":"follow","max-snippet":"max-snippet:-1","max-image-preview":"max-image-preview:large","max-video-preview":"max-video-preview:-1"},"canonical":"https:\/\/rgtr.lu\/de\/accessibilite\/","og_locale":"de_DE","og_type":"article","og_title":"Erkl\u00e4rung zur Barrierefreiheit - RGTR","og_description":"Erkl\u00e4rung zur Barrierefreiheit Die meldende Stelle &#8220;Verwaltung f\u00fcr \u00f6ffentlichen Verkehr&#8221; ist bem\u00fcht ihre Website im Einklang mit dem Gesetz vom 28. Mai 2019 \u00fcber den barrierefreien Zugang zu den Websites und mobilen Anwendungen \u00f6ffentlicher Stellen barrierefrei zug\u00e4nglich zu machen. Diese Erkl\u00e4rung zur Barrierefreiheit gilt f\u00fcr: rgtr.lu\/ Was bedeutet digitale Barrierefreiheit? Jeder muss die Informationen einer [&hellip;]","og_url":"https:\/\/rgtr.lu\/de\/accessibilite\/","og_site_name":"RGTR","article_modified_time":"2025-03-03T08:41:20+00:00","twitter_card":"summary_large_image","twitter_misc":{"Gesch\u00e4tzte Lesezeit":"3\u00a0Minuten"},"schema":{"@context":"https:\/\/schema.org","@graph":[{"@type":"WebPage","@id":"https:\/\/rgtr.lu\/de\/accessibilite\/","url":"https:\/\/rgtr.lu\/de\/accessibilite\/","name":"Erkl\u00e4rung zur Barrierefreiheit - RGTR","isPartOf":{"@id":"https:\/\/rgtr.lu\/de\/#website"},"datePublished":"2024-05-29T09:09:01+00:00","dateModified":"2025-03-03T08:41:20+00:00","breadcrumb":{"@id":"https:\/\/rgtr.lu\/de\/accessibilite\/#breadcrumb"},"inLanguage":"de","potentialAction":[{"@type":"ReadAction","target":["https:\/\/rgtr.lu\/de\/accessibilite\/"]}]},{"@type":"BreadcrumbList","@id":"https:\/\/rgtr.lu\/de\/accessibilite\/#breadcrumb","itemListElement":[{"@type":"ListItem","position":1,"name":"Home","item":"https:\/\/rgtr.lu\/de\/"},{"@type":"ListItem","position":2,"name":"Erkl\u00e4rung zur Barrierefreiheit"}]},{"@type":"WebSite","@id":"https:\/\/rgtr.lu\/de\/#website","url":"https:\/\/rgtr.lu\/de\/","name":"RGTR","description":"","potentialAction":[{"@type":"SearchAction","target":{"@type":"EntryPoint","urlTemplate":"https:\/\/rgtr.lu\/de\/?s={search_term_string}"},"query-input":{"@type":"PropertyValueSpecification","valueRequired":true,"valueName":"search_term_string"}}],"inLanguage":"de"}]}},"_links":{"self":[{"href":"https:\/\/rgtr.lu\/de\/wp-json\/wp\/v2\/pages\/13189","targetHints":{"allow":["GET"]}}],"collection":[{"href":"https:\/\/rgtr.lu\/de\/wp-json\/wp\/v2\/pages"}],"about":[{"href":"https:\/\/rgtr.lu\/de\/wp-json\/wp\/v2\/types\/page"}],"author":[{"embeddable":true,"href":"https:\/\/rgtr.lu\/de\/wp-json\/wp\/v2\/users\/1"}],"replies":[{"embeddable":true,"href":"https:\/\/rgtr.lu\/de\/wp-json\/wp\/v2\/comments?post=13189"}],"version-history":[{"count":26,"href":"https:\/\/rgtr.lu\/de\/wp-json\/wp\/v2\/pages\/13189\/revisions"}],"predecessor-version":[{"id":13571,"href":"https:\/\/rgtr.lu\/de\/wp-json\/wp\/v2\/pages\/13189\/revisions\/13571"}],"wp:attachment":[{"href":"https:\/\/rgtr.lu\/de\/wp-json\/wp\/v2\/media?parent=13189"}],"curies":[{"name":"wp","href":"https:\/\/api.w.org\/{rel}","templated":true}]}}